{"version":"1.0","provider_name":"El Hogar Gallego","provider_url":"https:\/\/elhogargallego.cat\/es\/","title":"Felicitaci\u00f3n de la Associaci\u00f3 Tur\u00edstica de Calella - El Hogar Gallego","type":"rich","width":600,"height":338,"html":"<blockquote class=\"wp-embedded-content\" data-secret=\"tctvUwwC9U\"><a href=\"https:\/\/elhogargallego.cat\/es\/felicitacion-de-la-associacio-turistica-de-calella\/\">Felicitaci\u00f3n de la Associaci\u00f3 Tur\u00edstica de Calella<\/a><\/blockquote><iframe sandbox=\"allow-scripts\" security=\"restricted\" src=\"https:\/\/elhogargallego.cat\/es\/felicitacion-de-la-associacio-turistica-de-calella\/embed\/#?secret=tctvUwwC9U\" width=\"600\" height=\"338\" title=\"\u00abFelicitaci\u00f3n de la Associaci\u00f3 Tur\u00edstica de Calella\u00bb \u2014 El Hogar Gallego\" data-secret=\"tctvUwwC9U\" frameborder=\"0\" marginwidth=\"0\" marginheight=\"0\" scrolling=\"no\" class=\"wp-embedded-content\"><\/iframe><script>\n\/*! This file is auto-generated *\/\n!function(d,l){\"use strict\";l.querySelector&&d.addEventListener&&\"undefined\"!=typeof URL&&(d.wp=d.wp||{},d.wp.receiveEmbedMessage||(d.wp.receiveEmbedMessage=function(e){var t=e.data;if((t||t.secret||t.message||t.value)&&!\/[^a-zA-Z0-9]\/.test(t.secret)){for(var s,r,n,a=l.querySelectorAll('iframe[data-secret=\"'+t.secret+'\"]'),o=l.querySelectorAll('blockquote[data-secret=\"'+t.secret+'\"]'),c=new RegExp(\"^https?:$\",\"i\"),i=0;i<o.length;i++)o[i].style.display=\"none\";for(i=0;i<a.length;i++)s=a[i],e.source===s.contentWindow&&(s.removeAttribute(\"style\"),\"height\"===t.message?(1e3<(r=parseInt(t.value,10))?r=1e3:~~r<200&&(r=200),s.height=r):\"link\"===t.message&&(r=new URL(s.getAttribute(\"src\")),n=new URL(t.value),c.test(n.protocol))&&n.host===r.host&&l.activeElement===s&&(d.top.location.href=t.value))}},d.addEventListener(\"message\",d.wp.receiveEmbedMessage,!1),l.addEventListener(\"DOMContentLoaded\",function(){for(var e,t,s=l.querySelectorAll(\"iframe.wp-embedded-content\"),r=0;r<s.length;r++)(t=(e=s[r]).getAttribute(\"data-secret\"))||(t=Math.random().toString(36).substring(2,12),e.src+=\"#?secret=\"+t,e.setAttribute(\"data-secret\",t)),e.contentWindow.postMessage({message:\"ready\",secret:t},\"*\")},!1)))}(window,document);\n<\/script>\n","thumbnail_url":"https:\/\/elhogargallego.cat\/wp-content\/uploads\/2025\/07\/atc.jpg","thumbnail_width":800,"thumbnail_height":600,"description":"50 a\u00f1os de trayectoria, dedicaci\u00f3n y pasi\u00f3n\u2764\ufe0f\ud83d\udc4f\ud83c\udffc Recibimos con agradecimiento la carta de felicitaci\u00f3n de la Asociaci\u00f3n Tur\u00edstica de Calella, firmada por su presidenta, S\u00f2nia Hern\u00e1ndez Teixid\u00f3, con motivo del 50 aniversario de El Hogar Gallego. Un reconocimiento que pone en valor la constancia, la calidad gastron\u00f3mica y el arraigo de un proyecto familiar que [&hellip;]"}